{"id":1251,"date":"2023-05-01T18:06:54","date_gmt":"2023-05-01T18:06:54","guid":{"rendered":"https:\/\/spezialholzerei-schauli.ch\/cms\/?page_id=1251"},"modified":"2023-07-26T05:42:10","modified_gmt":"2023-07-26T05:42:10","slug":"hebebuehnearbeiten","status":"publish","type":"page","link":"https:\/\/spezialholzerei-schauli.ch\/cms\/hebebuehnearbeiten\/","title":{"rendered":"Hebeb\u00fchnearbeiten"},"content":{"rendered":"\t\t<div data-elementor-type=\"wp-page\" data-elementor-id=\"1251\" class=\"elementor elementor-1251\" data-elementor-post-type=\"page\">\n\t\t\t\t\t\t<section class=\"elementor-section elementor-top-section elementor-element elementor-element-c0ff892 elementor-section-boxed elementor-section-height-default elementor-section-height-default\" data-id=\"c0ff892\" data-element_type=\"section\" data-e-type=\"section\">\n\t\t\t\t\t\t<div class=\"elementor-container elementor-column-gap-default\">\n\t\t\t\t\t<div class=\"elementor-column elementor-col-100 elementor-top-column elementor-element elementor-element-d18bbcf\" data-id=\"d18bbcf\" data-element_type=\"column\" data-e-type=\"column\">\n\t\t\t<div class=\"elementor-widget-wrap elementor-element-populated\">\n\t\t\t\t\t\t<div class=\"elementor-element elementor-element-727b87a elementor-widget elementor-widget-text-editor\" data-id=\"727b87a\" data-element_type=\"widget\" data-e-type=\"widget\" data-widget_type=\"text-editor.default\">\n\t\t\t\t<div class=\"elementor-widget-container\">\n\t\t\t\t\t\t\t\t\t<p>Manche Arbeiten m\u00fcssen in grosser H\u00f6he verrichtet werden. Mit unseren Hebeb\u00fchnen stehen wir Ihnen daf\u00fcr gerne zur Verf\u00fcgung. Gerne unterbreiten wir Ihnen eine Offerte. Fragen Sie uns einfach unverbindlich an!<\/p><p><strong>Merlo Roto Hebeb\u00fchne <\/strong><\/p><ul><li>diverse Hebeb\u00fchnenarbeiten an unzug\u00e4nglichen Stellen<\/li><li>Arbeiten an den Strommasten des AEWs<\/li><li>Dachaufbauten<\/li><li>Kaminsanierungen<\/li><li>Fenstereinbau<\/li><li>Heben von Lasten bis zu 6 Tonnen Gewicht.<\/li><\/ul><p>Unser Merlo Roto hat einen ausfahrbaren Arm, welcher bis zu 24m lang wird. Mit dem zus\u00e4tzlichen Anbauger\u00e4t Space kann sogar ums Eck gefahren werden. Dies ist ein grosser Vorteil bei ansonsten nicht zug\u00e4nglichen Bereichen.<\/p><p>Der Merlo Roto kann auch umfunktioniert werden und ist dann das perfekte Ger\u00e4t um B\u00e4ume zu F\u00e4llen, welche in schwer zug\u00e4nglichem Gel\u00e4nde stehen. Dies wird oft bei Spezial F\u00e4llarbeiten gebraucht. Hohe B\u00e4ume, unzug\u00e4ngliche Orte in St\u00e4dten, Leitungen von Tram und Bus in der N\u00e4he etc.<\/p>\t\t\t\t\t\t\t\t<\/div>\n\t\t\t\t<\/div>\n\t\t\t\t<div class=\"elementor-element elementor-element-5649183 elementor-align-left elementor-invisible elementor-widget elementor-widget-button\" data-id=\"5649183\" data-element_type=\"widget\" data-e-type=\"widget\" data-settings=\"{&quot;_animation&quot;:&quot;zoomIn&quot;,&quot;_animation_delay&quot;:500}\" data-widget_type=\"button.default\">\n\t\t\t\t<div class=\"elementor-widget-container\">\n\t\t\t\t\t\t\t\t\t<div class=\"elementor-button-wrapper\">\n\t\t\t\t\t<a class=\"elementor-button elementor-button-link elementor-size-sm elementor-animation-grow\" href=\"https:\/\/spezialholzerei-schauli.ch\/cms\/kontakt\/\">\n\t\t\t\t\t\t<span class=\"elementor-button-content-wrapper\">\n\t\t\t\t\t\t\t\t\t<span class=\"elementor-button-text\">Anfrage senden<\/span>\n\t\t\t\t\t<\/span>\n\t\t\t\t\t<\/a>\n\t\t\t\t<\/div>\n\t\t\t\t\t\t\t\t<\/div>\n\t\t\t\t<\/div>\n\t\t\t\t<div class=\"elementor-element elementor-element-294e0c3 elementor-widget elementor-widget-gallery\" data-id=\"294e0c3\" data-element_type=\"widget\" data-e-type=\"widget\" data-settings=\"{&quot;gallery_layout&quot;:&quot;masonry&quot;,&quot;lazyload&quot;:&quot;yes&quot;,&quot;columns&quot;:4,&quot;columns_tablet&quot;:2,&quot;columns_mobile&quot;:1,&quot;gap&quot;:{&quot;unit&quot;:&quot;px&quot;,&quot;size&quot;:10,&quot;sizes&quot;:[]},&quot;gap_tablet&quot;:{&quot;unit&quot;:&quot;px&quot;,&quot;size&quot;:10,&quot;sizes&quot;:[]},&quot;gap_mobile&quot;:{&quot;unit&quot;:&quot;px&quot;,&quot;size&quot;:10,&quot;sizes&quot;:[]},&quot;link_to&quot;:&quot;file&quot;,&quot;overlay_background&quot;:&quot;yes&quot;,&quot;content_hover_animation&quot;:&quot;fade-in&quot;}\" data-widget_type=\"gallery.default\">\n\t\t\t\t<div class=\"elementor-widget-container\">\n\t\t\t\t\t\t\t<div class=\"elementor-gallery__container\">\n\t\t\t\t\t\t\t<a class=\"e-gallery-item elementor-gallery-item elementor-animated-content\" href=\"https:\/\/spezialholzerei-schauli.ch\/cms\/wp-content\/uploads\/2023\/05\/PHOTO-2023-03-04-20-50-21-5.jpg\" data-elementor-open-lightbox=\"yes\" data-elementor-lightbox-slideshow=\"294e0c3\" data-e-action-hash=\"#elementor-action%3Aaction%3Dlightbox%26settings%3DeyJpZCI6MTM5NCwidXJsIjoiaHR0cHM6XC9cL3NwZXppYWxob2x6ZXJlaS1zY2hhdWxpLmNoXC9jbXNcL3dwLWNvbnRlbnRcL3VwbG9hZHNcLzIwMjNcLzA1XC9QSE9UTy0yMDIzLTAzLTA0LTIwLTUwLTIxLTUuanBnIiwic2xpZGVzaG93IjoiMjk0ZTBjMyJ9\">\n\t\t\t\t\t<div class=\"e-gallery-image elementor-gallery-item__image\" data-thumbnail=\"https:\/\/spezialholzerei-schauli.ch\/cms\/wp-content\/uploads\/2023\/05\/PHOTO-2023-03-04-20-50-21-5.jpg\" data-width=\"1512\" data-height=\"2016\" aria-label=\"\" role=\"img\" ><\/div>\n\t\t\t\t\t\t\t\t\t\t\t<div class=\"elementor-gallery-item__overlay\"><\/div>\n\t\t\t\t\t\t\t\t\t\t\t\t\t\t<\/a>\n\t\t\t\t\t\t\t<a class=\"e-gallery-item elementor-gallery-item elementor-animated-content\" href=\"https:\/\/spezialholzerei-schauli.ch\/cms\/wp-content\/uploads\/2023\/05\/PHOTO-2023-03-04-20-50-19-9.jpg\" data-elementor-open-lightbox=\"yes\" data-elementor-lightbox-slideshow=\"294e0c3\" data-e-action-hash=\"#elementor-action%3Aaction%3Dlightbox%26settings%3DeyJpZCI6MTM3NiwidXJsIjoiaHR0cHM6XC9cL3NwZXppYWxob2x6ZXJlaS1zY2hhdWxpLmNoXC9jbXNcL3dwLWNvbnRlbnRcL3VwbG9hZHNcLzIwMjNcLzA1XC9QSE9UTy0yMDIzLTAzLTA0LTIwLTUwLTE5LTkuanBnIiwic2xpZGVzaG93IjoiMjk0ZTBjMyJ9\">\n\t\t\t\t\t<div class=\"e-gallery-image elementor-gallery-item__image\" data-thumbnail=\"https:\/\/spezialholzerei-schauli.ch\/cms\/wp-content\/uploads\/2023\/05\/PHOTO-2023-03-04-20-50-19-9.jpg\" data-width=\"2016\" data-height=\"1512\" aria-label=\"\" role=\"img\" ><\/div>\n\t\t\t\t\t\t\t\t\t\t\t<div class=\"elementor-gallery-item__overlay\"><\/div>\n\t\t\t\t\t\t\t\t\t\t\t\t\t\t<\/a>\n\t\t\t\t\t\t\t<a class=\"e-gallery-item elementor-gallery-item elementor-animated-content\" href=\"https:\/\/spezialholzerei-schauli.ch\/cms\/wp-content\/uploads\/2023\/05\/PHOTO-2023-03-04-20-50-20-6.jpg\" data-elementor-open-lightbox=\"yes\" data-elementor-lightbox-slideshow=\"294e0c3\" data-e-action-hash=\"#elementor-action%3Aaction%3Dlightbox%26settings%3DeyJpZCI6MTQwNCwidXJsIjoiaHR0cHM6XC9cL3NwZXppYWxob2x6ZXJlaS1zY2hhdWxpLmNoXC9jbXNcL3dwLWNvbnRlbnRcL3VwbG9hZHNcLzIwMjNcLzA1XC9QSE9UTy0yMDIzLTAzLTA0LTIwLTUwLTIwLTYuanBnIiwic2xpZGVzaG93IjoiMjk0ZTBjMyJ9\">\n\t\t\t\t\t<div class=\"e-gallery-image elementor-gallery-item__image\" data-thumbnail=\"https:\/\/spezialholzerei-schauli.ch\/cms\/wp-content\/uploads\/2023\/05\/PHOTO-2023-03-04-20-50-20-6.jpg\" data-width=\"1134\" data-height=\"2016\" aria-label=\"\" role=\"img\" ><\/div>\n\t\t\t\t\t\t\t\t\t\t\t<div class=\"elementor-gallery-item__overlay\"><\/div>\n\t\t\t\t\t\t\t\t\t\t\t\t\t\t<\/a>\n\t\t\t\t\t\t\t<a class=\"e-gallery-item elementor-gallery-item elementor-animated-content\" href=\"https:\/\/spezialholzerei-schauli.ch\/cms\/wp-content\/uploads\/2023\/05\/PHOTO-2023-03-04-20-50-21-2.jpg\" data-elementor-open-lightbox=\"yes\" data-elementor-lightbox-slideshow=\"294e0c3\" data-e-action-hash=\"#elementor-action%3Aaction%3Dlightbox%26settings%3DeyJpZCI6MTM5MSwidXJsIjoiaHR0cHM6XC9cL3NwZXppYWxob2x6ZXJlaS1zY2hhdWxpLmNoXC9jbXNcL3dwLWNvbnRlbnRcL3VwbG9hZHNcLzIwMjNcLzA1XC9QSE9UTy0yMDIzLTAzLTA0LTIwLTUwLTIxLTIuanBnIiwic2xpZGVzaG93IjoiMjk0ZTBjMyJ9\">\n\t\t\t\t\t<div class=\"e-gallery-image elementor-gallery-item__image\" data-thumbnail=\"https:\/\/spezialholzerei-schauli.ch\/cms\/wp-content\/uploads\/2023\/05\/PHOTO-2023-03-04-20-50-21-2.jpg\" data-width=\"1512\" data-height=\"2016\" aria-label=\"\" role=\"img\" ><\/div>\n\t\t\t\t\t\t\t\t\t\t\t<div class=\"elementor-gallery-item__overlay\"><\/div>\n\t\t\t\t\t\t\t\t\t\t\t\t\t\t<\/a>\n\t\t\t\t\t\t\t<a class=\"e-gallery-item elementor-gallery-item elementor-animated-content\" href=\"https:\/\/spezialholzerei-schauli.ch\/cms\/wp-content\/uploads\/2023\/05\/PHOTO-2023-03-04-20-50-19-13.jpg\" data-elementor-open-lightbox=\"yes\" data-elementor-lightbox-slideshow=\"294e0c3\" data-e-action-hash=\"#elementor-action%3Aaction%3Dlightbox%26settings%3DeyJpZCI6MTM4MCwidXJsIjoiaHR0cHM6XC9cL3NwZXppYWxob2x6ZXJlaS1zY2hhdWxpLmNoXC9jbXNcL3dwLWNvbnRlbnRcL3VwbG9hZHNcLzIwMjNcLzA1XC9QSE9UTy0yMDIzLTAzLTA0LTIwLTUwLTE5LTEzLmpwZyIsInNsaWRlc2hvdyI6IjI5NGUwYzMifQ%3D%3D\">\n\t\t\t\t\t<div class=\"e-gallery-image elementor-gallery-item__image\" data-thumbnail=\"https:\/\/spezialholzerei-schauli.ch\/cms\/wp-content\/uploads\/2023\/05\/PHOTO-2023-03-04-20-50-19-13.jpg\" data-width=\"2016\" data-height=\"1512\" aria-label=\"\" role=\"img\" ><\/div>\n\t\t\t\t\t\t\t\t\t\t\t<div class=\"elementor-gallery-item__overlay\"><\/div>\n\t\t\t\t\t\t\t\t\t\t\t\t\t\t<\/a>\n\t\t\t\t\t\t\t<a class=\"e-gallery-item elementor-gallery-item elementor-animated-content\" href=\"https:\/\/spezialholzerei-schauli.ch\/cms\/wp-content\/uploads\/2023\/05\/PHOTO-2023-03-04-20-50-21-4.jpg\" data-elementor-open-lightbox=\"yes\" data-elementor-lightbox-slideshow=\"294e0c3\" data-e-action-hash=\"#elementor-action%3Aaction%3Dlightbox%26settings%3DeyJpZCI6MTM5MywidXJsIjoiaHR0cHM6XC9cL3NwZXppYWxob2x6ZXJlaS1zY2hhdWxpLmNoXC9jbXNcL3dwLWNvbnRlbnRcL3VwbG9hZHNcLzIwMjNcLzA1XC9QSE9UTy0yMDIzLTAzLTA0LTIwLTUwLTIxLTQuanBnIiwic2xpZGVzaG93IjoiMjk0ZTBjMyJ9\">\n\t\t\t\t\t<div class=\"e-gallery-image elementor-gallery-item__image\" data-thumbnail=\"https:\/\/spezialholzerei-schauli.ch\/cms\/wp-content\/uploads\/2023\/05\/PHOTO-2023-03-04-20-50-21-4.jpg\" data-width=\"1512\" data-height=\"2016\" aria-label=\"\" role=\"img\" ><\/div>\n\t\t\t\t\t\t\t\t\t\t\t<div class=\"elementor-gallery-item__overlay\"><\/div>\n\t\t\t\t\t\t\t\t\t\t\t\t\t\t<\/a>\n\t\t\t\t\t\t\t<a class=\"e-gallery-item elementor-gallery-item elementor-animated-content\" href=\"https:\/\/spezialholzerei-schauli.ch\/cms\/wp-content\/uploads\/2023\/05\/PHOTO-2023-03-04-20-50-19-10.jpg\" data-elementor-open-lightbox=\"yes\" data-elementor-lightbox-slideshow=\"294e0c3\" data-e-action-hash=\"#elementor-action%3Aaction%3Dlightbox%26settings%3DeyJpZCI6MTM3NywidXJsIjoiaHR0cHM6XC9cL3NwZXppYWxob2x6ZXJlaS1zY2hhdWxpLmNoXC9jbXNcL3dwLWNvbnRlbnRcL3VwbG9hZHNcLzIwMjNcLzA1XC9QSE9UTy0yMDIzLTAzLTA0LTIwLTUwLTE5LTEwLmpwZyIsInNsaWRlc2hvdyI6IjI5NGUwYzMifQ%3D%3D\">\n\t\t\t\t\t<div class=\"e-gallery-image elementor-gallery-item__image\" data-thumbnail=\"https:\/\/spezialholzerei-schauli.ch\/cms\/wp-content\/uploads\/2023\/05\/PHOTO-2023-03-04-20-50-19-10.jpg\" data-width=\"1512\" data-height=\"2016\" aria-label=\"\" role=\"img\" ><\/div>\n\t\t\t\t\t\t\t\t\t\t\t<div class=\"elementor-gallery-item__overlay\"><\/div>\n\t\t\t\t\t\t\t\t\t\t\t\t\t\t<\/a>\n\t\t\t\t\t\t\t<a class=\"e-gallery-item elementor-gallery-item elementor-animated-content\" href=\"https:\/\/spezialholzerei-schauli.ch\/cms\/wp-content\/uploads\/2023\/05\/PHOTO-2023-03-04-20-50-20-8.jpg\" data-elementor-open-lightbox=\"yes\" data-elementor-lightbox-slideshow=\"294e0c3\" data-e-action-hash=\"#elementor-action%3Aaction%3Dlightbox%26settings%3DeyJpZCI6MTQwNiwidXJsIjoiaHR0cHM6XC9cL3NwZXppYWxob2x6ZXJlaS1zY2hhdWxpLmNoXC9jbXNcL3dwLWNvbnRlbnRcL3VwbG9hZHNcLzIwMjNcLzA1XC9QSE9UTy0yMDIzLTAzLTA0LTIwLTUwLTIwLTguanBnIiwic2xpZGVzaG93IjoiMjk0ZTBjMyJ9\">\n\t\t\t\t\t<div class=\"e-gallery-image elementor-gallery-item__image\" data-thumbnail=\"https:\/\/spezialholzerei-schauli.ch\/cms\/wp-content\/uploads\/2023\/05\/PHOTO-2023-03-04-20-50-20-8.jpg\" data-width=\"1134\" data-height=\"2016\" aria-label=\"\" role=\"img\" ><\/div>\n\t\t\t\t\t\t\t\t\t\t\t<div class=\"elementor-gallery-item__overlay\"><\/div>\n\t\t\t\t\t\t\t\t\t\t\t\t\t\t<\/a>\n\t\t\t\t\t\t\t<a class=\"e-gallery-item elementor-gallery-item elementor-animated-content\" href=\"https:\/\/spezialholzerei-schauli.ch\/cms\/wp-content\/uploads\/2023\/05\/PHOTO-2023-03-04-20-50-19-7.jpg\" data-elementor-open-lightbox=\"yes\" data-elementor-lightbox-slideshow=\"294e0c3\" data-e-action-hash=\"#elementor-action%3Aaction%3Dlightbox%26settings%3DeyJpZCI6MTM3NCwidXJsIjoiaHR0cHM6XC9cL3NwZXppYWxob2x6ZXJlaS1zY2hhdWxpLmNoXC9jbXNcL3dwLWNvbnRlbnRcL3VwbG9hZHNcLzIwMjNcLzA1XC9QSE9UTy0yMDIzLTAzLTA0LTIwLTUwLTE5LTcuanBnIiwic2xpZGVzaG93IjoiMjk0ZTBjMyJ9\">\n\t\t\t\t\t<div class=\"e-gallery-image elementor-gallery-item__image\" data-thumbnail=\"https:\/\/spezialholzerei-schauli.ch\/cms\/wp-content\/uploads\/2023\/05\/PHOTO-2023-03-04-20-50-19-7.jpg\" data-width=\"2016\" data-height=\"1512\" aria-label=\"\" role=\"img\" ><\/div>\n\t\t\t\t\t\t\t\t\t\t\t<div class=\"elementor-gallery-item__overlay\"><\/div>\n\t\t\t\t\t\t\t\t\t\t\t\t\t\t<\/a>\n\t\t\t\t\t\t\t<a class=\"e-gallery-item elementor-gallery-item elementor-animated-content\" href=\"https:\/\/spezialholzerei-schauli.ch\/cms\/wp-content\/uploads\/2023\/05\/PHOTO-2023-03-04-20-50-19-8.jpg\" data-elementor-open-lightbox=\"yes\" data-elementor-lightbox-slideshow=\"294e0c3\" data-e-action-hash=\"#elementor-action%3Aaction%3Dlightbox%26settings%3DeyJpZCI6MTM3NSwidXJsIjoiaHR0cHM6XC9cL3NwZXppYWxob2x6ZXJlaS1zY2hhdWxpLmNoXC9jbXNcL3dwLWNvbnRlbnRcL3VwbG9hZHNcLzIwMjNcLzA1XC9QSE9UTy0yMDIzLTAzLTA0LTIwLTUwLTE5LTguanBnIiwic2xpZGVzaG93IjoiMjk0ZTBjMyJ9\">\n\t\t\t\t\t<div class=\"e-gallery-image elementor-gallery-item__image\" data-thumbnail=\"https:\/\/spezialholzerei-schauli.ch\/cms\/wp-content\/uploads\/2023\/05\/PHOTO-2023-03-04-20-50-19-8.jpg\" data-width=\"2016\" data-height=\"1512\" aria-label=\"\" role=\"img\" ><\/div>\n\t\t\t\t\t\t\t\t\t\t\t<div class=\"elementor-gallery-item__overlay\"><\/div>\n\t\t\t\t\t\t\t\t\t\t\t\t\t\t<\/a>\n\t\t\t\t\t\t\t<a class=\"e-gallery-item elementor-gallery-item elementor-animated-content\" href=\"https:\/\/spezialholzerei-schauli.ch\/cms\/wp-content\/uploads\/2023\/05\/PHOTO-2023-03-04-20-50-20-7.jpg\" data-elementor-open-lightbox=\"yes\" data-elementor-lightbox-slideshow=\"294e0c3\" data-e-action-hash=\"#elementor-action%3Aaction%3Dlightbox%26settings%3DeyJpZCI6MTQwNSwidXJsIjoiaHR0cHM6XC9cL3NwZXppYWxob2x6ZXJlaS1zY2hhdWxpLmNoXC9jbXNcL3dwLWNvbnRlbnRcL3VwbG9hZHNcLzIwMjNcLzA1XC9QSE9UTy0yMDIzLTAzLTA0LTIwLTUwLTIwLTcuanBnIiwic2xpZGVzaG93IjoiMjk0ZTBjMyJ9\">\n\t\t\t\t\t<div class=\"e-gallery-image elementor-gallery-item__image\" data-thumbnail=\"https:\/\/spezialholzerei-schauli.ch\/cms\/wp-content\/uploads\/2023\/05\/PHOTO-2023-03-04-20-50-20-7.jpg\" data-width=\"1134\" data-height=\"2016\" aria-label=\"\" role=\"img\" ><\/div>\n\t\t\t\t\t\t\t\t\t\t\t<div class=\"elementor-gallery-item__overlay\"><\/div>\n\t\t\t\t\t\t\t\t\t\t\t\t\t\t<\/a>\n\t\t\t\t\t\t\t<a class=\"e-gallery-item elementor-gallery-item elementor-animated-content\" href=\"https:\/\/spezialholzerei-schauli.ch\/cms\/wp-content\/uploads\/2023\/05\/PHOTO-2023-03-04-20-50-20.jpg\" data-elementor-open-lightbox=\"yes\" data-elementor-lightbox-slideshow=\"294e0c3\" data-e-action-hash=\"#elementor-action%3Aaction%3Dlightbox%26settings%3DeyJpZCI6MTM5MCwidXJsIjoiaHR0cHM6XC9cL3NwZXppYWxob2x6ZXJlaS1zY2hhdWxpLmNoXC9jbXNcL3dwLWNvbnRlbnRcL3VwbG9hZHNcLzIwMjNcLzA1XC9QSE9UTy0yMDIzLTAzLTA0LTIwLTUwLTIwLmpwZyIsInNsaWRlc2hvdyI6IjI5NGUwYzMifQ%3D%3D\">\n\t\t\t\t\t<div class=\"e-gallery-image elementor-gallery-item__image\" data-thumbnail=\"https:\/\/spezialholzerei-schauli.ch\/cms\/wp-content\/uploads\/2023\/05\/PHOTO-2023-03-04-20-50-20.jpg\" data-width=\"1500\" data-height=\"2000\" aria-label=\"\" role=\"img\" ><\/div>\n\t\t\t\t\t\t\t\t\t\t\t<div class=\"elementor-gallery-item__overlay\"><\/div>\n\t\t\t\t\t\t\t\t\t\t\t\t\t\t<\/a>\n\t\t\t\t\t\t\t<a class=\"e-gallery-item elementor-gallery-item elementor-animated-content\" href=\"https:\/\/spezialholzerei-schauli.ch\/cms\/wp-content\/uploads\/2023\/05\/PHOTO-2023-03-04-20-50-19-11.jpg\" data-elementor-open-lightbox=\"yes\" data-elementor-lightbox-slideshow=\"294e0c3\" data-e-action-hash=\"#elementor-action%3Aaction%3Dlightbox%26settings%3DeyJpZCI6MTM3OCwidXJsIjoiaHR0cHM6XC9cL3NwZXppYWxob2x6ZXJlaS1zY2hhdWxpLmNoXC9jbXNcL3dwLWNvbnRlbnRcL3VwbG9hZHNcLzIwMjNcLzA1XC9QSE9UTy0yMDIzLTAzLTA0LTIwLTUwLTE5LTExLmpwZyIsInNsaWRlc2hvdyI6IjI5NGUwYzMifQ%3D%3D\">\n\t\t\t\t\t<div class=\"e-gallery-image elementor-gallery-item__image\" data-thumbnail=\"https:\/\/spezialholzerei-schauli.ch\/cms\/wp-content\/uploads\/2023\/05\/PHOTO-2023-03-04-20-50-19-11.jpg\" data-width=\"1512\" data-height=\"2016\" aria-label=\"\" role=\"img\" ><\/div>\n\t\t\t\t\t\t\t\t\t\t\t<div class=\"elementor-gallery-item__overlay\"><\/div>\n\t\t\t\t\t\t\t\t\t\t\t\t\t\t<\/a>\n\t\t\t\t\t<\/div>\n\t\t\t\t\t<\/div>\n\t\t\t\t<\/div>\n\t\t\t\t\t<\/div>\n\t\t<\/div>\n\t\t\t\t\t<\/div>\n\t\t<\/section>\n\t\t\t\t<\/div>\n\t\t","protected":false},"excerpt":{"rendered":"<p>Manche Arbeiten m\u00fcssen in grosser H\u00f6he verrichtet werden. Mit unseren Hebeb\u00fchnen stehen wir Ihnen daf\u00fcr gerne zur Verf\u00fcgung. Gerne unterbreiten wir Ihnen eine Offerte. Fragen Sie uns einfach unverbindlich an! Merlo Roto Hebeb\u00fchne diverse Hebeb\u00fchnenarbeiten an unzug\u00e4nglichen Stellen Arbeiten an den Strommasten des AEWs Dachaufbauten Kaminsanierungen Fenstereinbau Heben von Lasten bis zu 6 Tonnen Gewicht. [&hellip;]<\/p>\n","protected":false},"author":1,"featured_media":0,"parent":0,"menu_order":0,"comment_status":"closed","ping_status":"closed","template":"","meta":{"footnotes":""},"class_list":["post-1251","page","type-page","status-publish","hentry"],"_links":{"self":[{"href":"https:\/\/spezialholzerei-schauli.ch\/cms\/wp-json\/wp\/v2\/pages\/1251","targetHints":{"allow":["GET"]}}],"collection":[{"href":"https:\/\/spezialholzerei-schauli.ch\/cms\/wp-json\/wp\/v2\/pages"}],"about":[{"href":"https:\/\/spezialholzerei-schauli.ch\/cms\/wp-json\/wp\/v2\/types\/page"}],"author":[{"embeddable":true,"href":"https:\/\/spezialholzerei-schauli.ch\/cms\/wp-json\/wp\/v2\/users\/1"}],"replies":[{"embeddable":true,"href":"https:\/\/spezialholzerei-schauli.ch\/cms\/wp-json\/wp\/v2\/comments?post=1251"}],"version-history":[{"count":0,"href":"https:\/\/spezialholzerei-schauli.ch\/cms\/wp-json\/wp\/v2\/pages\/1251\/revisions"}],"wp:attachment":[{"href":"https:\/\/spezialholzerei-schauli.ch\/cms\/wp-json\/wp\/v2\/media?parent=1251"}],"curies":[{"name":"wp","href":"https:\/\/api.w.org\/{rel}","templated":true}]}}